{"id":19508,"date":"2024-12-29T14:59:17","date_gmt":"2024-12-29T14:59:17","guid":{"rendered":"https:\/\/lamegohotel.pt\/visitas-e-provas-de-vinhos\/"},"modified":"2025-07-02T12:47:32","modified_gmt":"2025-07-02T12:47:32","slug":"visitas-e-provas-de-vinhos","status":"publish","type":"page","link":"https:\/\/lamegohotel.pt\/pt-pt\/visitas-e-provas-de-vinhos\/","title":{"rendered":"Visitas e provas de vinhos"},"content":{"rendered":"\t\t<div data-elementor-type=\"wp-page\" data-elementor-id=\"19508\" class=\"elementor elementor-19508 elementor-17575\" data-elementor-post-type=\"page\">\n\t\t\t\t        <section class=\"elementor-section elementor-top-section elementor-element elementor-element-bf167aa elementor-section-boxed elementor-section-height-default elementor-section-height-default pxl-section-static-pos-no pxl-section-overflow-hidden-no pxl-container-margin-auto-no\" data-id=\"bf167aa\" data-element_type=\"section\">\n\n                \n                <div class=\"elementor-container elementor-column-gap-default \">\n                <div class=\"elementor-column elementor-col-100 elementor-top-column elementor-element elementor-element-de4b70e col-offset-none pxl-column-element-default pxl-column-overflow-hidden-no\" data-id=\"de4b70e\" data-element_type=\"column\">\r\n        <div class=\"elementor-widget-wrap elementor-element-populated\">\r\n                    \t\t<div class=\"elementor-element elementor-element-541db97 elementor-widget elementor-widget-pxl_divider\" data-id=\"541db97\" data-element_type=\"widget\" data-widget_type=\"pxl_divider.default\">\n\t\t\t\t<div class=\"elementor-widget-container\">\n\t\t\t\t\t<div class=\"pxl-divider horizontal  \"><div class=\"pxl-divider-separator\"><\/div><\/div>\t\t\t\t<\/div>\n\t\t\t\t<\/div>\n\t\t\t\t<div class=\"elementor-element elementor-element-9c231c9 elementor-widget elementor-widget-spacer\" data-id=\"9c231c9\" data-element_type=\"widget\" data-widget_type=\"spacer.default\">\n\t\t\t\t<div class=\"elementor-widget-container\">\n\t\t\t\t\t\t\t<div class=\"elementor-spacer\">\n\t\t\t<div class=\"elementor-spacer-inner\"><\/div>\n\t\t<\/div>\n\t\t\t\t\t\t<\/div>\n\t\t\t\t<\/div>\n\t\t\t\t<div class=\"elementor-element elementor-element-d7927ab elementor-widget elementor-widget-text-editor\" data-id=\"d7927ab\" data-element_type=\"widget\" data-widget_type=\"text-editor.default\">\n\t\t\t\t<div class=\"elementor-widget-container\">\n\t\t\t\t\t\t\t\t\t<div><div>A regi\u00e3o do Vale do Douro, a mais antiga regi\u00e3o vin\u00edcola do mundo, convida-o a provar os vinhos mais famosos de Portugal.<\/div><div>Desfrute de um dos melhores produtos que Portugal tem para oferecer, acompanhado pela gastronomia duriense e com as fabulosas vistas para o Vale do Douro.<\/div><\/div><div>\u00a0<\/div>\t\t\t\t\t\t\t\t<\/div>\n\t\t\t\t<\/div>\n\t\t\t\t<div class=\"elementor-element elementor-element-38f98d5 elementor-widget elementor-widget-spacer\" data-id=\"38f98d5\" data-element_type=\"widget\" data-widget_type=\"spacer.default\">\n\t\t\t\t<div class=\"elementor-widget-container\">\n\t\t\t\t\t\t\t<div class=\"elementor-spacer\">\n\t\t\t<div class=\"elementor-spacer-inner\"><\/div>\n\t\t<\/div>\n\t\t\t\t\t\t<\/div>\n\t\t\t\t<\/div>\n\t\t                    <\/div>\r\n        <\/div>\r\n        \t\t\t<\/div>\n\t\t<\/section>\n\t\t        <section class=\"elementor-section elementor-top-section elementor-element elementor-element-bd048c3 elementor-section-boxed elementor-section-height-default elementor-section-height-default pxl-section-static-pos-no pxl-section-overflow-hidden-no pxl-container-margin-auto-no\" data-id=\"bd048c3\" data-element_type=\"section\">\n\n                \n                <div class=\"elementor-container elementor-column-gap-default \">\n                <div class=\"elementor-column elementor-col-100 elementor-top-column elementor-element elementor-element-668cf8e col-offset-none pxl-column-element-default pxl-column-overflow-hidden-no\" data-id=\"668cf8e\" data-element_type=\"column\">\r\n        <div class=\"elementor-widget-wrap\">\r\n                                        <\/div>\r\n        <\/div>\r\n        \t\t\t<\/div>\n\t\t<\/section>\n\t\t        <section class=\"elementor-section elementor-top-section elementor-element elementor-element-3943344 elementor-section-boxed elementor-section-height-default elementor-section-height-default pxl-section-static-pos-no pxl-section-overflow-hidden-no pxl-container-margin-auto-no\" data-id=\"3943344\" data-element_type=\"section\">\n\n                \n                <div class=\"elementor-container elementor-column-gap-default \">\n                <div class=\"elementor-column elementor-col-33 elementor-top-column elementor-element elementor-element-e77bf66 col-offset-none pxl-column-element-default pxl-column-overflow-hidden-no\" data-id=\"e77bf66\" data-element_type=\"column\">\r\n        <div class=\"elementor-widget-wrap elementor-element-populated\">\r\n                    \t\t<div class=\"elementor-element elementor-element-92aa53e pxl-fancybox-layout-4 elementor-widget elementor-widget-pxl_fancy_box\" data-id=\"92aa53e\" data-element_type=\"widget\" data-widget_type=\"pxl_fancy_box.default\">\n\t\t\t\t<div class=\"elementor-widget-container\">\n\t\t\t\t\t \r\n<div class=\"pxl-fancybox-wrap d-flex text-center layout-4\">\r\n    <div class=\"fancybox-inner relative\">\r\n        <div class=\"fancy-img\">\r\n            <img fetchpriority=\"high\" decoding=\"async\" class=\"\" src=\"https:\/\/lamegohotel.pt\/wp-content\/uploads\/2024\/12\/c759a55e-c299-4d8a-a05d-0e68f29c0154-370x493.avif\" width=\"370\" height=\"493\" alt=\"c759a55e-c299-4d8a-a05d-0e68f29c0154\" title=\"c759a55e-c299-4d8a-a05d-0e68f29c0154\" \/>        <\/div>\r\n        <div class=\"pxl-overlay\"><\/div> \r\n        <div class=\"pxl-fancybox-content\">\r\n                        <h3 class=\"title pxl-heading\">\r\n                Quinta da Portela            <\/h3>\r\n                                    <div class=\"desc\">\r\n                A apenas 10 minutos do Lamego Hotel & Life, a \"Quinta da Portela\" oferece uma deslumbrante vista sobre o Vale do Douro.<br \/>\nA visita inclui um tour privado ao museu da Quinta, bem como a degusta\u00e7\u00e3o de 5 tipos diferentes de vinhos. Toda a prova \u00e9 acompanhada pela tradicional \"b\u00f4la de Lamego\" e queijo com compota.            <\/div>\r\n                        <a class=\"pxl-readmore d-flex align-items-center\" href=\"https:\/\/docs.google.com\/forms\/d\/e\/1FAIpQLSegxGX2PNuCx4Sph9iSNPIwbn0SZhxT7bWd6mORhyJVGIkgSQ\/viewform\" target=\"_blank\">                <span class=\"pxl-button-text\">Reserve Agora<\/span>\r\n                <span class=\"pxl-icon pxli-long-arrow-right\"><\/span>\r\n            <\/a>        <\/div> \r\n         \r\n        <div class=\"title-bottom\">\r\n                            <h3 class=\"title pxl-heading\">\r\n                    Quinta da Portela                <\/h3>\r\n                    <\/div>\r\n    <\/div>  \r\n<\/div>\r\n \r\n\r\n\r\n\r\n\t\t\t\t<\/div>\n\t\t\t\t<\/div>\n\t\t                    <\/div>\r\n        <\/div>\r\n                <div class=\"elementor-column elementor-col-33 elementor-top-column elementor-element elementor-element-caa6eb4 col-offset-none pxl-column-element-default pxl-column-overflow-hidden-no\" data-id=\"caa6eb4\" data-element_type=\"column\">\r\n        <div class=\"elementor-widget-wrap elementor-element-populated\">\r\n                    \t\t<div class=\"elementor-element elementor-element-c19e808 pxl-fancybox-layout-4 elementor-widget elementor-widget-pxl_fancy_box\" data-id=\"c19e808\" data-element_type=\"widget\" data-widget_type=\"pxl_fancy_box.default\">\n\t\t\t\t<div class=\"elementor-widget-container\">\n\t\t\t\t\t \r\n<div class=\"pxl-fancybox-wrap d-flex text-center layout-4\">\r\n    <div class=\"fancybox-inner relative\">\r\n        <div class=\"fancy-img\">\r\n            <img decoding=\"async\" class=\"\" src=\"https:\/\/lamegohotel.pt\/wp-content\/uploads\/2024\/12\/HO-Wines--370x493.jpg\" width=\"370\" height=\"493\" alt=\"HO Wines\" title=\"HO Wines\" \/>        <\/div>\r\n        <div class=\"pxl-overlay\"><\/div> \r\n        <div class=\"pxl-fancybox-content\">\r\n                        <h3 class=\"title pxl-heading\">\r\n                Quinta H.O.            <\/h3>\r\n                                    <div class=\"desc\">\r\n                Com uma hist\u00f3ria que remonta a 1791, constru\u00edda em granito secular da Quinta do Pont\u00e3o da Cumieira, mant\u00e9m uma vis\u00e3o rigorosa e protetora do ecossistema e das tradi\u00e7\u00f5es do Douro na vinha e na adega.<br \/>\nPode desfrutar de uma prova de vinhos acompanhada por queijos regionais e enchidos tradicionais, com vistas panor\u00e2micas sobre os vales e montanhas.            <\/div>\r\n                        <a class=\"pxl-readmore d-flex align-items-center\" href=\"https:\/\/docs.google.com\/forms\/d\/e\/1FAIpQLSedWc_v6iTUoIjBqKtiu2R_5ukChp4XWsQb8OmqQa-t7KJ1yw\/viewform\" target=\"_blank\">                <span class=\"pxl-button-text\">Reserve Agora<\/span>\r\n                <span class=\"pxl-icon pxli-long-arrow-right\"><\/span>\r\n            <\/a>        <\/div> \r\n         \r\n        <div class=\"title-bottom\">\r\n                            <h3 class=\"title pxl-heading\">\r\n                    Quinta H.O.                <\/h3>\r\n                    <\/div>\r\n    <\/div>  \r\n<\/div>\r\n \r\n\r\n\r\n\r\n\t\t\t\t<\/div>\n\t\t\t\t<\/div>\n\t\t                    <\/div>\r\n        <\/div>\r\n                <div class=\"elementor-column elementor-col-33 elementor-top-column elementor-element elementor-element-c8afe6b col-offset-none pxl-column-element-default pxl-column-overflow-hidden-no\" data-id=\"c8afe6b\" data-element_type=\"column\">\r\n        <div class=\"elementor-widget-wrap elementor-element-populated\">\r\n                    \t\t<div class=\"elementor-element elementor-element-b218f59 pxl-fancybox-layout-4 elementor-widget elementor-widget-pxl_fancy_box\" data-id=\"b218f59\" data-element_type=\"widget\" data-widget_type=\"pxl_fancy_box.default\">\n\t\t\t\t<div class=\"elementor-widget-container\">\n\t\t\t\t\t \r\n<div class=\"pxl-fancybox-wrap d-flex text-center layout-4\">\r\n    <div class=\"fancybox-inner relative\">\r\n        <div class=\"fancy-img\">\r\n            <img decoding=\"async\" class=\"\" src=\"https:\/\/lamegohotel.pt\/wp-content\/uploads\/2024\/12\/981a1595-12ee-4312-a174-5d35ce6282af-370x493.avif\" width=\"370\" height=\"493\" alt=\"981a1595-12ee-4312-a174-5d35ce6282af\" title=\"981a1595-12ee-4312-a174-5d35ce6282af\" \/>        <\/div>\r\n        <div class=\"pxl-overlay\"><\/div> \r\n        <div class=\"pxl-fancybox-content\">\r\n                        <h3 class=\"title pxl-heading\">\r\n                Quinta Nossa Senhora da Gra\u00e7a            <\/h3>\r\n                                    <div class=\"desc\">\r\n                Localizada a cerca de 3 km da cidade de Peso da R\u00e9gua, a Quinta Senhora da Gra\u00e7a possui vinhas que se estendem por 3 hectares.<br \/>\nA visita \u00e0 Quinta inclui uma prova de 3 vinhos, azeite, azeitonas e p\u00e3o, sendo poss\u00edvel adicionar uma t\u00e1bua de enchidos e carnes fumadas tradicionais.            <\/div>\r\n                        <a class=\"pxl-readmore d-flex align-items-center\" href=\"https:\/\/docs.google.com\/forms\/d\/e\/1FAIpQLSdDxM6mMgwxxpzZFjenga_26l-hKGeQKMrzGdV5RRIxQpQbjA\/viewform\" target=\"_blank\">                <span class=\"pxl-button-text\">Reserve Agora<\/span>\r\n                <span class=\"pxl-icon pxli-long-arrow-right\"><\/span>\r\n            <\/a>        <\/div> \r\n         \r\n        <div class=\"title-bottom\">\r\n                            <h3 class=\"title pxl-heading\">\r\n                    Quinta Nossa Senhora da Gra\u00e7a                <\/h3>\r\n                    <\/div>\r\n    <\/div>  \r\n<\/div>\r\n \r\n\r\n\r\n\r\n\t\t\t\t<\/div>\n\t\t\t\t<\/div>\n\t\t                    <\/div>\r\n        <\/div>\r\n        \t\t\t<\/div>\n\t\t<\/section>\n\t\t        <section class=\"elementor-section elementor-top-section elementor-element elementor-element-820fadf elementor-section-boxed elementor-section-height-default elementor-section-height-default pxl-section-static-pos-no pxl-section-overflow-hidden-no pxl-container-margin-auto-no\" data-id=\"820fadf\" data-element_type=\"section\">\n\n                \n                <div class=\"elementor-container elementor-column-gap-default \">\n                <div class=\"elementor-column elementor-col-100 elementor-top-column elementor-element elementor-element-a81eaf8 col-offset-none pxl-column-element-default pxl-column-overflow-hidden-no\" data-id=\"a81eaf8\" data-element_type=\"column\">\r\n        <div class=\"elementor-widget-wrap elementor-element-populated\">\r\n                    \t\t<div class=\"elementor-element elementor-element-ce8486a elementor-widget elementor-widget-spacer\" data-id=\"ce8486a\" data-element_type=\"widget\" data-widget_type=\"spacer.default\">\n\t\t\t\t<div class=\"elementor-widget-container\">\n\t\t\t\t\t\t\t<div class=\"elementor-spacer\">\n\t\t\t<div class=\"elementor-spacer-inner\"><\/div>\n\t\t<\/div>\n\t\t\t\t\t\t<\/div>\n\t\t\t\t<\/div>\n\t\t                    <\/div>\r\n        <\/div>\r\n        \t\t\t<\/div>\n\t\t<\/section>\n\t\t        <section class=\"elementor-section elementor-top-section elementor-element elementor-element-4fe6676 elementor-section-boxed elementor-section-height-default elementor-section-height-default pxl-section-static-pos-no pxl-section-overflow-hidden-no pxl-container-margin-auto-no\" data-id=\"4fe6676\" data-element_type=\"section\">\n\n                \n                <div class=\"elementor-container elementor-column-gap-default \">\n                <div class=\"elementor-column elementor-col-33 elementor-top-column elementor-element elementor-element-25740d4 col-offset-none pxl-column-element-default pxl-column-overflow-hidden-no\" data-id=\"25740d4\" data-element_type=\"column\">\r\n        <div class=\"elementor-widget-wrap elementor-element-populated\">\r\n                    \t\t<div class=\"elementor-element elementor-element-a8271d4 pxl-fancybox-layout-4 elementor-widget elementor-widget-pxl_fancy_box\" data-id=\"a8271d4\" data-element_type=\"widget\" data-widget_type=\"pxl_fancy_box.default\">\n\t\t\t\t<div class=\"elementor-widget-container\">\n\t\t\t\t\t \r\n<div class=\"pxl-fancybox-wrap d-flex text-center layout-4\">\r\n    <div class=\"fancybox-inner relative\">\r\n        <div class=\"fancy-img\">\r\n            <img loading=\"lazy\" decoding=\"async\" class=\"\" src=\"https:\/\/lamegohotel.pt\/wp-content\/uploads\/2024\/12\/Quinta-DOrigem1-370x493.jpg\" width=\"370\" height=\"493\" alt=\"Quinta D&#039;Origem1\" title=\"Quinta D&#039;Origem1\" \/>        <\/div>\r\n        <div class=\"pxl-overlay\"><\/div> \r\n        <div class=\"pxl-fancybox-content\">\r\n                        <h3 class=\"title pxl-heading\">\r\n                Quinta D'Origem\u200b            <\/h3>\r\n                                    <div class=\"desc\">\r\n                Localizada no ponto mais alto da aldeia do Pinh\u00e3o, a Quinta D'Origem oferece uma vista deslumbrante sobre o miradouro \"Casal de Loivos\".<br \/>\nA visita e degusta\u00e7\u00e3o na Quinta D'Origem incluem um tour guiado ao museu do azeite, bem como a prova de 3 vinhos DOC, azeite, mel e am\u00eandoas, acompanhados por uma t\u00e1bua de queijos.            <\/div>\r\n                        <a class=\"pxl-readmore d-flex align-items-center\" href=\"https:\/\/docs.google.com\/forms\/d\/e\/1FAIpQLSe0v3V1foGgkZ1R-iUfpeO0lztK27oGrrZduKVAPuPC9e1l_A\/viewform\" target=\"_blank\">                <span class=\"pxl-button-text\">Reserve Agora<\/span>\r\n                <span class=\"pxl-icon pxli-long-arrow-right\"><\/span>\r\n            <\/a>        <\/div> \r\n         \r\n        <div class=\"title-bottom\">\r\n                            <h3 class=\"title pxl-heading\">\r\n                    Quinta D'Origem\u200b                <\/h3>\r\n                    <\/div>\r\n    <\/div>  \r\n<\/div>\r\n \r\n\r\n\r\n\r\n\t\t\t\t<\/div>\n\t\t\t\t<\/div>\n\t\t                    <\/div>\r\n        <\/div>\r\n                <div class=\"elementor-column elementor-col-33 elementor-top-column elementor-element elementor-element-efee0d8 col-offset-none pxl-column-element-default pxl-column-overflow-hidden-no\" data-id=\"efee0d8\" data-element_type=\"column\">\r\n        <div class=\"elementor-widget-wrap elementor-element-populated\">\r\n                    \t\t<div class=\"elementor-element elementor-element-85924fa pxl-fancybox-layout-4 elementor-widget elementor-widget-pxl_fancy_box\" data-id=\"85924fa\" data-element_type=\"widget\" data-widget_type=\"pxl_fancy_box.default\">\n\t\t\t\t<div class=\"elementor-widget-container\">\n\t\t\t\t\t \r\n<div class=\"pxl-fancybox-wrap d-flex text-center layout-4\">\r\n    <div class=\"fancybox-inner relative\">\r\n        <div class=\"fancy-img\">\r\n            <img loading=\"lazy\" decoding=\"async\" class=\"\" src=\"https:\/\/lamegohotel.pt\/wp-content\/uploads\/2024\/12\/Quinta-Santa-Eufemia-3-370x493.jpg\" width=\"370\" height=\"493\" alt=\"Quinta Santa Euf\u00e9mia 3\" title=\"Quinta Santa Euf\u00e9mia 3\" \/>        <\/div>\r\n        <div class=\"pxl-overlay\"><\/div> \r\n        <div class=\"pxl-fancybox-content\">\r\n                        <h3 class=\"title pxl-heading\">\r\n                Quinta de Santa Euf\u00e9mia            <\/h3>\r\n                                    <div class=\"desc\">\r\n                Com mais de 150 anos de hist\u00f3ria, a Quinta de Santa Euf\u00e9mia, fundada por Bernardo Rodrigues de Carvalho, produz os seus vinhos combinando t\u00e9cnicas tradicionais e modernas.<br \/>\nPode degustar tr\u00eas vinhos do Porto e um vinho de mesa, acompanhados por queijo, p\u00e3o regional, azeite e compota.            <\/div>\r\n                        <a class=\"pxl-readmore d-flex align-items-center\" href=\"https:\/\/docs.google.com\/forms\/d\/e\/1FAIpQLScDo-aKb6Ki6ETGScPsTs7dR1hpBZzImNWlJl3RjVih0zhL-w\/viewform\" target=\"_blank\">                <span class=\"pxl-button-text\">Reserve Agora<\/span>\r\n                <span class=\"pxl-icon pxli-long-arrow-right\"><\/span>\r\n            <\/a>        <\/div> \r\n         \r\n        <div class=\"title-bottom\">\r\n                            <h3 class=\"title pxl-heading\">\r\n                    Quinta de Santa Euf\u00e9mia                <\/h3>\r\n                    <\/div>\r\n    <\/div>  \r\n<\/div>\r\n \r\n\r\n\r\n\r\n\t\t\t\t<\/div>\n\t\t\t\t<\/div>\n\t\t                    <\/div>\r\n        <\/div>\r\n                <div class=\"elementor-column elementor-col-33 elementor-top-column elementor-element elementor-element-6328389 col-offset-none pxl-column-element-default pxl-column-overflow-hidden-no\" data-id=\"6328389\" data-element_type=\"column\">\r\n        <div class=\"elementor-widget-wrap elementor-element-populated\">\r\n                    \t\t<div class=\"elementor-element elementor-element-15bab58 pxl-fancybox-layout-4 elementor-widget elementor-widget-pxl_fancy_box\" data-id=\"15bab58\" data-element_type=\"widget\" data-widget_type=\"pxl_fancy_box.default\">\n\t\t\t\t<div class=\"elementor-widget-container\">\n\t\t\t\t\t \r\n<div class=\"pxl-fancybox-wrap d-flex text-center layout-4\">\r\n    <div class=\"fancybox-inner relative\">\r\n        <div class=\"fancy-img\">\r\n            <img loading=\"lazy\" decoding=\"async\" class=\"\" src=\"https:\/\/lamegohotel.pt\/wp-content\/uploads\/2024\/12\/Quinta-do-Bucheiro-7-370x493.jpg\" width=\"370\" height=\"493\" alt=\"Quinta do Bucheiro 7\" title=\"Quinta do Bucheiro 7\" \/>        <\/div>\r\n        <div class=\"pxl-overlay\"><\/div> \r\n        <div class=\"pxl-fancybox-content\">\r\n                        <h3 class=\"title pxl-heading\">\r\n                Quinta do Bucheiro            <\/h3>\r\n                                    <div class=\"desc\">\r\n                Com mais de 300 anos de hist\u00f3ria, \u00e9 poss\u00edvel visitar o museu da fam\u00edlia, onde poder\u00e1 conhecer o Dr. Joaquim Azevedo Leite, descobridor da filoxera e conhecido como o \"Salvador do Douro\".<br \/>\nPode desfrutar de um almo\u00e7o t\u00edpico do Douro, acompanhado pelos excelentes vinhos frutados da \"Quinta\".<br \/>\nRecomendamos terminar a refei\u00e7\u00e3o com o t\u00edpico copo de vinho Moscatel.            <\/div>\r\n                        <a class=\"pxl-readmore d-flex align-items-center\" href=\"https:\/\/docs.google.com\/forms\/d\/e\/1FAIpQLSfDjlEYX1Iyr47LpjvufVe-ahCF94cg0DF32oiimsii25Df4A\/viewform\" target=\"_blank\">                <span class=\"pxl-button-text\">Reserve Agora<\/span>\r\n                <span class=\"pxl-icon pxli-long-arrow-right\"><\/span>\r\n            <\/a>        <\/div> \r\n         \r\n        <div class=\"title-bottom\">\r\n                            <h3 class=\"title pxl-heading\">\r\n                    Quinta do Bucheiro                <\/h3>\r\n                    <\/div>\r\n    <\/div>  \r\n<\/div>\r\n \r\n\r\n\r\n\r\n\t\t\t\t<\/div>\n\t\t\t\t<\/div>\n\t\t                    <\/div>\r\n        <\/div>\r\n        \t\t\t<\/div>\n\t\t<\/section>\n\t\t        <section class=\"elementor-section elementor-top-section elementor-element elementor-element-4f5c786 elementor-section-boxed elementor-section-height-default elementor-section-height-default pxl-section-static-pos-no pxl-section-overflow-hidden-no pxl-container-margin-auto-no\" data-id=\"4f5c786\" data-element_type=\"section\">\n\n                \n                <div class=\"elementor-container elementor-column-gap-default \">\n                <div class=\"elementor-column elementor-col-100 elementor-top-column elementor-element elementor-element-7637403 col-offset-none pxl-column-element-default pxl-column-overflow-hidden-no\" data-id=\"7637403\" data-element_type=\"column\">\r\n        <div class=\"elementor-widget-wrap elementor-element-populated\">\r\n                    \t\t<div class=\"elementor-element elementor-element-7230dbe elementor-widget elementor-widget-spacer\" data-id=\"7230dbe\" data-element_type=\"widget\" data-widget_type=\"spacer.default\">\n\t\t\t\t<div class=\"elementor-widget-container\">\n\t\t\t\t\t\t\t<div class=\"elementor-spacer\">\n\t\t\t<div class=\"elementor-spacer-inner\"><\/div>\n\t\t<\/div>\n\t\t\t\t\t\t<\/div>\n\t\t\t\t<\/div>\n\t\t                    <\/div>\r\n        <\/div>\r\n        \t\t\t<\/div>\n\t\t<\/section>\n\t\t        <section class=\"elementor-section elementor-top-section elementor-element elementor-element-ae66ce5 elementor-section-boxed elementor-section-height-default elementor-section-height-default pxl-section-static-pos-no pxl-section-overflow-hidden-no pxl-container-margin-auto-no\" data-id=\"ae66ce5\" data-element_type=\"section\">\n\n                \n                <div class=\"elementor-container elementor-column-gap-default \">\n                <div class=\"elementor-column elementor-col-33 elementor-top-column elementor-element elementor-element-c029023 col-offset-none pxl-column-element-default pxl-column-overflow-hidden-no\" data-id=\"c029023\" data-element_type=\"column\">\r\n        <div class=\"elementor-widget-wrap elementor-element-populated\">\r\n                    \t\t<div class=\"elementor-element elementor-element-435cb2d pxl-fancybox-layout-4 elementor-widget elementor-widget-pxl_fancy_box\" data-id=\"435cb2d\" data-element_type=\"widget\" data-widget_type=\"pxl_fancy_box.default\">\n\t\t\t\t<div class=\"elementor-widget-container\">\n\t\t\t\t\t \r\n<div class=\"pxl-fancybox-wrap d-flex text-center layout-4\">\r\n    <div class=\"fancybox-inner relative\">\r\n        <div class=\"fancy-img\">\r\n            <img loading=\"lazy\" decoding=\"async\" class=\"\" src=\"https:\/\/lamegohotel.pt\/wp-content\/uploads\/2024\/12\/4-370x493.jpg\" width=\"370\" height=\"493\" alt=\"4\" title=\"4\" \/>        <\/div>\r\n        <div class=\"pxl-overlay\"><\/div> \r\n        <div class=\"pxl-fancybox-content\">\r\n                        <h3 class=\"title pxl-heading\">\r\n                Quinta Gueda Wines            <\/h3>\r\n                                    <div class=\"desc\">\r\n                Localizada nas encostas repletas de vinhas que rodeiam a cidade de Peso da R\u00e9gua, a Quinta Gueda Wines produz pequenos e deliciosos lotes de vinho e azeite.<br \/>\nA visita \u00e0 Quinta inclui a prova de 3 vinhos premium e 1 vinho do Porto branco, acompanhados por uma t\u00e1bua de queijos e uma degusta\u00e7\u00e3o de azeite.            <\/div>\r\n                        <a class=\"pxl-readmore d-flex align-items-center\" href=\"https:\/\/docs.google.com\/forms\/d\/e\/1FAIpQLSf9DfUFxg0cYtpiM99tqsyOqHJNNG_vWaq6yLUu9al7YisRZw\/viewform\" target=\"_blank\">                <span class=\"pxl-button-text\">Reserve Agora<\/span>\r\n                <span class=\"pxl-icon pxli-long-arrow-right\"><\/span>\r\n            <\/a>        <\/div> \r\n         \r\n        <div class=\"title-bottom\">\r\n                            <h3 class=\"title pxl-heading\">\r\n                    Quinta Gueda Wines                <\/h3>\r\n                    <\/div>\r\n    <\/div>  \r\n<\/div>\r\n \r\n\r\n\r\n\r\n\t\t\t\t<\/div>\n\t\t\t\t<\/div>\n\t\t                    <\/div>\r\n        <\/div>\r\n                <div class=\"elementor-column elementor-col-33 elementor-top-column elementor-element elementor-element-cab0bcb col-offset-none pxl-column-element-default pxl-column-overflow-hidden-no\" data-id=\"cab0bcb\" data-element_type=\"column\">\r\n        <div class=\"elementor-widget-wrap elementor-element-populated\">\r\n                    \t\t<div class=\"elementor-element elementor-element-aa780e5 pxl-fancybox-layout-4 elementor-widget elementor-widget-pxl_fancy_box\" data-id=\"aa780e5\" data-element_type=\"widget\" data-widget_type=\"pxl_fancy_box.default\">\n\t\t\t\t<div class=\"elementor-widget-container\">\n\t\t\t\t\t \r\n<div class=\"pxl-fancybox-wrap d-flex text-center layout-4\">\r\n    <div class=\"fancybox-inner relative\">\r\n        <div class=\"fancy-img\">\r\n            <img loading=\"lazy\" decoding=\"async\" class=\"\" src=\"https:\/\/lamegohotel.pt\/wp-content\/uploads\/2024\/12\/Quita-Seara-dOrdens4-370x493.jpg\" width=\"370\" height=\"493\" alt=\"Quita Seara d&#039;Ordens4\" title=\"Quita Seara d&#039;Ordens4\" \/>        <\/div>\r\n        <div class=\"pxl-overlay\"><\/div> \r\n        <div class=\"pxl-fancybox-content\">\r\n                        <h3 class=\"title pxl-heading\">\r\n                Quinta Seara d'Ordens            <\/h3>\r\n                                    <div class=\"desc\">\r\n                A 15 minutos do Miradouro de S\u00e3o Leonardo de Galafura, a \"Quinta Seara D'Ordens\" oferece uma ampla variedade de vinhos.<br \/>\nA visita e degusta\u00e7\u00e3o incluem: uma visita \u00e0s caves da Quinta, bem como a prova de 2 vinhos DOC, 2 vinhos do Porto e azeite.            <\/div>\r\n                        <a class=\"pxl-readmore d-flex align-items-center\" href=\"https:\/\/docs.google.com\/forms\/d\/e\/1FAIpQLSeQtGEoOEDJLeLLaQGI5-OAPjRNnNdfbhRzsm-kg-poqC1Egg\/viewform\" target=\"_blank\">                <span class=\"pxl-button-text\">Reserve Agora<\/span>\r\n                <span class=\"pxl-icon pxli-long-arrow-right\"><\/span>\r\n            <\/a>        <\/div> \r\n         \r\n        <div class=\"title-bottom\">\r\n                            <h3 class=\"title pxl-heading\">\r\n                    Quinta Seara d'Ordens                <\/h3>\r\n                    <\/div>\r\n    <\/div>  \r\n<\/div>\r\n \r\n\r\n\r\n\r\n\t\t\t\t<\/div>\n\t\t\t\t<\/div>\n\t\t                    <\/div>\r\n        <\/div>\r\n                <div class=\"elementor-column elementor-col-33 elementor-top-column elementor-element elementor-element-af46a4f col-offset-none pxl-column-element-default pxl-column-overflow-hidden-no\" data-id=\"af46a4f\" data-element_type=\"column\">\r\n        <div class=\"elementor-widget-wrap elementor-element-populated\">\r\n                    \t\t<div class=\"elementor-element elementor-element-d117a29 pxl-fancybox-layout-4 elementor-widget elementor-widget-pxl_fancy_box\" data-id=\"d117a29\" data-element_type=\"widget\" data-widget_type=\"pxl_fancy_box.default\">\n\t\t\t\t<div class=\"elementor-widget-container\">\n\t\t\t\t\t \r\n<div class=\"pxl-fancybox-wrap d-flex text-center layout-4\">\r\n    <div class=\"fancybox-inner relative\">\r\n        <div class=\"fancy-img\">\r\n            <img loading=\"lazy\" decoding=\"async\" class=\"\" src=\"https:\/\/lamegohotel.pt\/wp-content\/uploads\/2024\/12\/eb855771-b3a1-46be-bb09-92bfb767ed44-370x493.avif\" width=\"370\" height=\"493\" alt=\"eb855771-b3a1-46be-bb09-92bfb767ed44\" title=\"eb855771-b3a1-46be-bb09-92bfb767ed44\" \/>        <\/div>\r\n        <div class=\"pxl-overlay\"><\/div> \r\n        <div class=\"pxl-fancybox-content\">\r\n                        <h3 class=\"title pxl-heading\">\r\n                Presunteca            <\/h3>\r\n                                    <div class=\"desc\">\r\n                Uma casa de tapas regionais e vinhos em Lamego, com os melhores enchidos e vinhos da regi\u00e3o. Pode desfrutar dos raios de sol, aproveitando o terra\u00e7o de ver\u00e3o.<br \/>\nDelicie-se com provas de vinhos acompanhadas por petiscos saborosos.            <\/div>\r\n                        <a class=\"pxl-readmore d-flex align-items-center\" href=\"https:\/\/docs.google.com\/forms\/d\/e\/1FAIpQLScP4Y6sjzoY784YzJL-eRhaOu4Q3OixLVWvo2guN_Z9yr55rw\/viewform\" target=\"_blank\">                <span class=\"pxl-button-text\">Reserve Agora<\/span>\r\n                <span class=\"pxl-icon pxli-long-arrow-right\"><\/span>\r\n            <\/a>        <\/div> \r\n         \r\n        <div class=\"title-bottom\">\r\n                            <h3 class=\"title pxl-heading\">\r\n                    Presunteca                <\/h3>\r\n                    <\/div>\r\n    <\/div>  \r\n<\/div>\r\n \r\n\r\n\r\n\r\n\t\t\t\t<\/div>\n\t\t\t\t<\/div>\n\t\t\t\t<div class=\"elementor-element elementor-element-73249da elementor-widget elementor-widget-spacer\" data-id=\"73249da\" data-element_type=\"widget\" data-widget_type=\"spacer.default\">\n\t\t\t\t<div class=\"elementor-widget-container\">\n\t\t\t\t\t\t\t<div class=\"elementor-spacer\">\n\t\t\t<div class=\"elementor-spacer-inner\"><\/div>\n\t\t<\/div>\n\t\t\t\t\t\t<\/div>\n\t\t\t\t<\/div>\n\t\t                    <\/div>\r\n        <\/div>\r\n        \t\t\t<\/div>\n\t\t<\/section>\n\t\t        <section class=\"elementor-section elementor-top-section elementor-element elementor-element-e6a4f9b elementor-section-boxed elementor-section-height-default elementor-section-height-default pxl-section-static-pos-no pxl-section-overflow-hidden-no pxl-container-margin-auto-no\" data-id=\"e6a4f9b\" data-element_type=\"section\">\n\n                \n                <div class=\"elementor-container elementor-column-gap-default \">\n                <div class=\"elementor-column elementor-col-33 elementor-top-column elementor-element elementor-element-078b44b col-offset-none pxl-column-element-default pxl-column-overflow-hidden-no\" data-id=\"078b44b\" data-element_type=\"column\">\r\n        <div class=\"elementor-widget-wrap elementor-element-populated\">\r\n                    \t\t<div class=\"elementor-element elementor-element-40da5b4 pxl-fancybox-layout-4 elementor-widget elementor-widget-pxl_fancy_box\" data-id=\"40da5b4\" data-element_type=\"widget\" data-widget_type=\"pxl_fancy_box.default\">\n\t\t\t\t<div class=\"elementor-widget-container\">\n\t\t\t\t\t \r\n<div class=\"pxl-fancybox-wrap d-flex text-center layout-4\">\r\n    <div class=\"fancybox-inner relative\">\r\n        <div class=\"fancy-img\">\r\n            <img loading=\"lazy\" decoding=\"async\" class=\"\" src=\"https:\/\/lamegohotel.pt\/wp-content\/uploads\/2025\/07\/dragos-370x493.webp\" width=\"370\" height=\"493\" alt=\"dragos\" title=\"dragos\" \/>        <\/div>\r\n        <div class=\"pxl-overlay\"><\/div> \r\n        <div class=\"pxl-fancybox-content\">\r\n                        <h3 class=\"title pxl-heading\">\r\n                Solar dos Dragos            <\/h3>\r\n                                    <div class=\"desc\">\r\n                Em Samod\u00e3es, com vista para o Douro e a cidade da R\u00e9gua, a Quinta Solar dos Dragos produz vinhos marcados pela tradi\u00e7\u00e3o e pela paisagem duriense.<br \/>\nA visita \u00e0 Quinta inclui a prova de 3 vinhos de mesa e 3 vinhos do Porto, acompanhada de queijo, azeite e p\u00e3o.            <\/div>\r\n                        <a class=\"pxl-readmore d-flex align-items-center\" href=\"https:\/\/forms.gle\/pDq66Ba5nR6o5usK8\" target=\"_blank\">                <span class=\"pxl-button-text\">Reserve Agora<\/span>\r\n                <span class=\"pxl-icon pxli-long-arrow-right\"><\/span>\r\n            <\/a>        <\/div> \r\n         \r\n        <div class=\"title-bottom\">\r\n                            <h3 class=\"title pxl-heading\">\r\n                    Solar dos Dragos                <\/h3>\r\n                    <\/div>\r\n    <\/div>  \r\n<\/div>\r\n \r\n\r\n\r\n\r\n\t\t\t\t<\/div>\n\t\t\t\t<\/div>\n\t\t                    <\/div>\r\n        <\/div>\r\n                <div class=\"elementor-column elementor-col-33 elementor-top-column elementor-element elementor-element-79fbe07 col-offset-none pxl-column-element-default pxl-column-overflow-hidden-no\" data-id=\"79fbe07\" data-element_type=\"column\">\r\n        <div class=\"elementor-widget-wrap elementor-element-populated\">\r\n                    \t\t<div class=\"elementor-element elementor-element-95997d5 pxl-fancybox-layout-4 elementor-widget elementor-widget-pxl_fancy_box\" data-id=\"95997d5\" data-element_type=\"widget\" data-widget_type=\"pxl_fancy_box.default\">\n\t\t\t\t<div class=\"elementor-widget-container\">\n\t\t\t\t\t \r\n<div class=\"pxl-fancybox-wrap d-flex text-center layout-4\">\r\n    <div class=\"fancybox-inner relative\">\r\n        <div class=\"fancy-img\">\r\n                    <\/div>\r\n        <div class=\"pxl-overlay\"><\/div> \r\n        <div class=\"pxl-fancybox-content\">\r\n                                            <\/div> \r\n         \r\n        <div class=\"title-bottom\">\r\n                    <\/div>\r\n    <\/div>  \r\n<\/div>\r\n \r\n\r\n\r\n\r\n\t\t\t\t<\/div>\n\t\t\t\t<\/div>\n\t\t                    <\/div>\r\n        <\/div>\r\n                <div class=\"elementor-column elementor-col-33 elementor-top-column elementor-element elementor-element-c9210e4 col-offset-none pxl-column-element-default pxl-column-overflow-hidden-no\" data-id=\"c9210e4\" data-element_type=\"column\">\r\n        <div class=\"elementor-widget-wrap elementor-element-populated\">\r\n                    \t\t<div class=\"elementor-element elementor-element-7d211c4 pxl-fancybox-layout-4 elementor-widget elementor-widget-pxl_fancy_box\" data-id=\"7d211c4\" data-element_type=\"widget\" data-widget_type=\"pxl_fancy_box.default\">\n\t\t\t\t<div class=\"elementor-widget-container\">\n\t\t\t\t\t \r\n<div class=\"pxl-fancybox-wrap d-flex text-center layout-4\">\r\n    <div class=\"fancybox-inner relative\">\r\n        <div class=\"fancy-img\">\r\n                    <\/div>\r\n        <div class=\"pxl-overlay\"><\/div> \r\n        <div class=\"pxl-fancybox-content\">\r\n                                            <\/div> \r\n         \r\n        <div class=\"title-bottom\">\r\n                    <\/div>\r\n    <\/div>  \r\n<\/div>\r\n \r\n\r\n\r\n\r\n\t\t\t\t<\/div>\n\t\t\t\t<\/div>\n\t\t\t\t<div class=\"elementor-element elementor-element-82764a6 elementor-widget elementor-widget-spacer\" data-id=\"82764a6\" data-element_type=\"widget\" data-widget_type=\"spacer.default\">\n\t\t\t\t<div class=\"elementor-widget-container\">\n\t\t\t\t\t\t\t<div class=\"elementor-spacer\">\n\t\t\t<div class=\"elementor-spacer-inner\"><\/div>\n\t\t<\/div>\n\t\t\t\t\t\t<\/div>\n\t\t\t\t<\/div>\n\t\t                    <\/div>\r\n        <\/div>\r\n        \t\t\t<\/div>\n\t\t<\/section>\n\t\t\t\t<\/div>\n\t\t","protected":false},"excerpt":{"rendered":"<p>A regi\u00e3o do Vale do Douro, a mais antiga regi\u00e3o vin\u00edcola do mundo, convida-o a provar os vinhos mais famosos de Portugal.Desfrute de um dos melhores produtos que Portugal tem para oferecer, acompanhado pela gastronomia duriense e com as fabulosas vistas para o Vale do Douro.\u00a0 Quinta da Portela A apenas 10 minutos do Lamego [&hellip;]<\/p>\n","protected":false},"author":1,"featured_media":0,"parent":0,"menu_order":0,"comment_status":"closed","ping_status":"closed","template":"","meta":{"footnotes":""},"class_list":["post-19508","page","type-page","status-publish","hentry"],"yoast_head":"<!-- This site is optimized with the Yoast SEO plugin v25.4 - https:\/\/yoast.com\/wordpress\/plugins\/seo\/ -->\n<title>Visitas e provas de vinhos - Lamego Hotel &amp; Life<\/title>\n<meta name=\"robots\" content=\"index, follow, max-snippet:-1, max-image-preview:large, max-video-preview:-1\" \/>\n<link rel=\"canonical\" href=\"https:\/\/lamegohotel.pt\/pt-pt\/visitas-e-provas-de-vinhos\/\" \/>\n<meta property=\"og:locale\" content=\"pt_PT\" \/>\n<meta property=\"og:type\" content=\"article\" \/>\n<meta property=\"og:title\" content=\"Visitas e provas de vinhos - Lamego Hotel &amp; Life\" \/>\n<meta property=\"og:description\" content=\"A regi\u00e3o do Vale do Douro, a mais antiga regi\u00e3o vin\u00edcola do mundo, convida-o a provar os vinhos mais famosos de Portugal.Desfrute de um dos melhores produtos que Portugal tem para oferecer, acompanhado pela gastronomia duriense e com as fabulosas vistas para o Vale do Douro.\u00a0 Quinta da Portela A apenas 10 minutos do Lamego [&hellip;]\" \/>\n<meta property=\"og:url\" content=\"https:\/\/lamegohotel.pt\/pt-pt\/visitas-e-provas-de-vinhos\/\" \/>\n<meta property=\"og:site_name\" content=\"Lamego Hotel &amp; Life\" \/>\n<meta property=\"article:publisher\" content=\"https:\/\/www.facebook.com\/lamegohotellife\/\" \/>\n<meta property=\"article:modified_time\" content=\"2025-07-02T12:47:32+00:00\" \/>\n<meta property=\"og:image\" content=\"https:\/\/lamegohotel.pt\/wp-content\/uploads\/2024\/12\/c759a55e-c299-4d8a-a05d-0e68f29c0154-370x493.avif\" \/>\n<meta name=\"twitter:card\" content=\"summary_large_image\" \/>\n<meta name=\"twitter:label1\" content=\"Tempo estimado de leitura\" \/>\n\t<meta name=\"twitter:data1\" content=\"6 minutos\" \/>\n<script type=\"application\/ld+json\" class=\"yoast-schema-graph\">{\"@context\":\"https:\/\/schema.org\",\"@graph\":[{\"@type\":\"WebPage\",\"@id\":\"https:\/\/lamegohotel.pt\/pt-pt\/visitas-e-provas-de-vinhos\/\",\"url\":\"https:\/\/lamegohotel.pt\/pt-pt\/visitas-e-provas-de-vinhos\/\",\"name\":\"Visitas e provas de vinhos - Lamego Hotel &amp; Life\",\"isPartOf\":{\"@id\":\"https:\/\/lamegohotel.pt\/pt-pt\/#website\"},\"primaryImageOfPage\":{\"@id\":\"https:\/\/lamegohotel.pt\/pt-pt\/visitas-e-provas-de-vinhos\/#primaryimage\"},\"image\":{\"@id\":\"https:\/\/lamegohotel.pt\/pt-pt\/visitas-e-provas-de-vinhos\/#primaryimage\"},\"thumbnailUrl\":\"https:\/\/lamegohotel.pt\/wp-content\/uploads\/2024\/12\/c759a55e-c299-4d8a-a05d-0e68f29c0154-370x493.avif\",\"datePublished\":\"2024-12-29T14:59:17+00:00\",\"dateModified\":\"2025-07-02T12:47:32+00:00\",\"breadcrumb\":{\"@id\":\"https:\/\/lamegohotel.pt\/pt-pt\/visitas-e-provas-de-vinhos\/#breadcrumb\"},\"inLanguage\":\"pt-PT\",\"potentialAction\":[{\"@type\":\"ReadAction\",\"target\":[\"https:\/\/lamegohotel.pt\/pt-pt\/visitas-e-provas-de-vinhos\/\"]}]},{\"@type\":\"ImageObject\",\"inLanguage\":\"pt-PT\",\"@id\":\"https:\/\/lamegohotel.pt\/pt-pt\/visitas-e-provas-de-vinhos\/#primaryimage\",\"url\":\"https:\/\/lamegohotel.pt\/wp-content\/uploads\/2024\/12\/c759a55e-c299-4d8a-a05d-0e68f29c0154-370x493.avif\",\"contentUrl\":\"https:\/\/lamegohotel.pt\/wp-content\/uploads\/2024\/12\/c759a55e-c299-4d8a-a05d-0e68f29c0154-370x493.avif\"},{\"@type\":\"BreadcrumbList\",\"@id\":\"https:\/\/lamegohotel.pt\/pt-pt\/visitas-e-provas-de-vinhos\/#breadcrumb\",\"itemListElement\":[{\"@type\":\"ListItem\",\"position\":1,\"name\":\"Home\",\"item\":\"https:\/\/lamegohotel.pt\/pt-pt\/home-resort-3\/\"},{\"@type\":\"ListItem\",\"position\":2,\"name\":\"Visitas e provas de vinhos\"}]},{\"@type\":\"WebSite\",\"@id\":\"https:\/\/lamegohotel.pt\/pt-pt\/#website\",\"url\":\"https:\/\/lamegohotel.pt\/pt-pt\/\",\"name\":\"Lamego Hotel & Life\",\"description\":\"Lamego Hotel &amp; Life\",\"publisher\":{\"@id\":\"https:\/\/lamegohotel.pt\/pt-pt\/#organization\"},\"potentialAction\":[{\"@type\":\"SearchAction\",\"target\":{\"@type\":\"EntryPoint\",\"urlTemplate\":\"https:\/\/lamegohotel.pt\/pt-pt\/?s={search_term_string}\"},\"query-input\":{\"@type\":\"PropertyValueSpecification\",\"valueRequired\":true,\"valueName\":\"search_term_string\"}}],\"inLanguage\":\"pt-PT\"},{\"@type\":\"Organization\",\"@id\":\"https:\/\/lamegohotel.pt\/pt-pt\/#organization\",\"name\":\"Lamego Hotel & Life\",\"url\":\"https:\/\/lamegohotel.pt\/pt-pt\/\",\"logo\":{\"@type\":\"ImageObject\",\"inLanguage\":\"pt-PT\",\"@id\":\"https:\/\/lamegohotel.pt\/pt-pt\/#\/schema\/logo\/image\/\",\"url\":\"https:\/\/lamegohotel.pt\/wp-content\/uploads\/2024\/12\/ID_HotelLamegoFinal_Web-16-1.png\",\"contentUrl\":\"https:\/\/lamegohotel.pt\/wp-content\/uploads\/2024\/12\/ID_HotelLamegoFinal_Web-16-1.png\",\"width\":3508,\"height\":2480,\"caption\":\"Lamego Hotel & Life\"},\"image\":{\"@id\":\"https:\/\/lamegohotel.pt\/pt-pt\/#\/schema\/logo\/image\/\"},\"sameAs\":[\"https:\/\/www.facebook.com\/lamegohotellife\/\",\"https:\/\/www.instagram.com\/lamegohotellife\/\"]}]}<\/script>\n<!-- \/ Yoast SEO plugin. -->","yoast_head_json":{"title":"Visitas e provas de vinhos - Lamego Hotel &amp; Life","robots":{"index":"index","follow":"follow","max-snippet":"max-snippet:-1","max-image-preview":"max-image-preview:large","max-video-preview":"max-video-preview:-1"},"canonical":"https:\/\/lamegohotel.pt\/pt-pt\/visitas-e-provas-de-vinhos\/","og_locale":"pt_PT","og_type":"article","og_title":"Visitas e provas de vinhos - Lamego Hotel &amp; Life","og_description":"A regi\u00e3o do Vale do Douro, a mais antiga regi\u00e3o vin\u00edcola do mundo, convida-o a provar os vinhos mais famosos de Portugal.Desfrute de um dos melhores produtos que Portugal tem para oferecer, acompanhado pela gastronomia duriense e com as fabulosas vistas para o Vale do Douro.\u00a0 Quinta da Portela A apenas 10 minutos do Lamego [&hellip;]","og_url":"https:\/\/lamegohotel.pt\/pt-pt\/visitas-e-provas-de-vinhos\/","og_site_name":"Lamego Hotel &amp; Life","article_publisher":"https:\/\/www.facebook.com\/lamegohotellife\/","article_modified_time":"2025-07-02T12:47:32+00:00","og_image":[{"url":"https:\/\/lamegohotel.pt\/wp-content\/uploads\/2024\/12\/c759a55e-c299-4d8a-a05d-0e68f29c0154-370x493.avif","type":"","width":"","height":""}],"twitter_card":"summary_large_image","twitter_misc":{"Tempo estimado de leitura":"6 minutos"},"schema":{"@context":"https:\/\/schema.org","@graph":[{"@type":"WebPage","@id":"https:\/\/lamegohotel.pt\/pt-pt\/visitas-e-provas-de-vinhos\/","url":"https:\/\/lamegohotel.pt\/pt-pt\/visitas-e-provas-de-vinhos\/","name":"Visitas e provas de vinhos - Lamego Hotel &amp; Life","isPartOf":{"@id":"https:\/\/lamegohotel.pt\/pt-pt\/#website"},"primaryImageOfPage":{"@id":"https:\/\/lamegohotel.pt\/pt-pt\/visitas-e-provas-de-vinhos\/#primaryimage"},"image":{"@id":"https:\/\/lamegohotel.pt\/pt-pt\/visitas-e-provas-de-vinhos\/#primaryimage"},"thumbnailUrl":"https:\/\/lamegohotel.pt\/wp-content\/uploads\/2024\/12\/c759a55e-c299-4d8a-a05d-0e68f29c0154-370x493.avif","datePublished":"2024-12-29T14:59:17+00:00","dateModified":"2025-07-02T12:47:32+00:00","breadcrumb":{"@id":"https:\/\/lamegohotel.pt\/pt-pt\/visitas-e-provas-de-vinhos\/#breadcrumb"},"inLanguage":"pt-PT","potentialAction":[{"@type":"ReadAction","target":["https:\/\/lamegohotel.pt\/pt-pt\/visitas-e-provas-de-vinhos\/"]}]},{"@type":"ImageObject","inLanguage":"pt-PT","@id":"https:\/\/lamegohotel.pt\/pt-pt\/visitas-e-provas-de-vinhos\/#primaryimage","url":"https:\/\/lamegohotel.pt\/wp-content\/uploads\/2024\/12\/c759a55e-c299-4d8a-a05d-0e68f29c0154-370x493.avif","contentUrl":"https:\/\/lamegohotel.pt\/wp-content\/uploads\/2024\/12\/c759a55e-c299-4d8a-a05d-0e68f29c0154-370x493.avif"},{"@type":"BreadcrumbList","@id":"https:\/\/lamegohotel.pt\/pt-pt\/visitas-e-provas-de-vinhos\/#breadcrumb","itemListElement":[{"@type":"ListItem","position":1,"name":"Home","item":"https:\/\/lamegohotel.pt\/pt-pt\/home-resort-3\/"},{"@type":"ListItem","position":2,"name":"Visitas e provas de vinhos"}]},{"@type":"WebSite","@id":"https:\/\/lamegohotel.pt\/pt-pt\/#website","url":"https:\/\/lamegohotel.pt\/pt-pt\/","name":"Lamego Hotel & Life","description":"Lamego Hotel &amp; Life","publisher":{"@id":"https:\/\/lamegohotel.pt\/pt-pt\/#organization"},"potentialAction":[{"@type":"SearchAction","target":{"@type":"EntryPoint","urlTemplate":"https:\/\/lamegohotel.pt\/pt-pt\/?s={search_term_string}"},"query-input":{"@type":"PropertyValueSpecification","valueRequired":true,"valueName":"search_term_string"}}],"inLanguage":"pt-PT"},{"@type":"Organization","@id":"https:\/\/lamegohotel.pt\/pt-pt\/#organization","name":"Lamego Hotel & Life","url":"https:\/\/lamegohotel.pt\/pt-pt\/","logo":{"@type":"ImageObject","inLanguage":"pt-PT","@id":"https:\/\/lamegohotel.pt\/pt-pt\/#\/schema\/logo\/image\/","url":"https:\/\/lamegohotel.pt\/wp-content\/uploads\/2024\/12\/ID_HotelLamegoFinal_Web-16-1.png","contentUrl":"https:\/\/lamegohotel.pt\/wp-content\/uploads\/2024\/12\/ID_HotelLamegoFinal_Web-16-1.png","width":3508,"height":2480,"caption":"Lamego Hotel & Life"},"image":{"@id":"https:\/\/lamegohotel.pt\/pt-pt\/#\/schema\/logo\/image\/"},"sameAs":["https:\/\/www.facebook.com\/lamegohotellife\/","https:\/\/www.instagram.com\/lamegohotellife\/"]}]}},"_links":{"self":[{"href":"https:\/\/lamegohotel.pt\/pt-pt\/wp-json\/wp\/v2\/pages\/19508","targetHints":{"allow":["GET"]}}],"collection":[{"href":"https:\/\/lamegohotel.pt\/pt-pt\/wp-json\/wp\/v2\/pages"}],"about":[{"href":"https:\/\/lamegohotel.pt\/pt-pt\/wp-json\/wp\/v2\/types\/page"}],"author":[{"embeddable":true,"href":"https:\/\/lamegohotel.pt\/pt-pt\/wp-json\/wp\/v2\/users\/1"}],"replies":[{"embeddable":true,"href":"https:\/\/lamegohotel.pt\/pt-pt\/wp-json\/wp\/v2\/comments?post=19508"}],"version-history":[{"count":12,"href":"https:\/\/lamegohotel.pt\/pt-pt\/wp-json\/wp\/v2\/pages\/19508\/revisions"}],"predecessor-version":[{"id":21812,"href":"https:\/\/lamegohotel.pt\/pt-pt\/wp-json\/wp\/v2\/pages\/19508\/revisions\/21812"}],"wp:attachment":[{"href":"https:\/\/lamegohotel.pt\/pt-pt\/wp-json\/wp\/v2\/media?parent=19508"}],"curies":[{"name":"wp","href":"https:\/\/api.w.org\/{rel}","templated":true}]}}